{"id":2,"date":"2020-06-17T17:26:55","date_gmt":"2020-06-17T17:26:55","guid":{"rendered":"https:\/\/www.lafraguabruta.com\/?page_id=2"},"modified":"2026-01-30T11:27:59","modified_gmt":"2026-01-30T11:27:59","slug":"las-fraguantes","status":"publish","type":"page","link":"https:\/\/www.lafraguabruta.com\/index.php\/las-fraguantes\/","title":{"rendered":"LAS FRAGUANTES"},"content":{"rendered":"<div class=\"wp-block-image is-style-rounded\">\n<figure class=\"alignleft size-medium is-resized\"><img data-recalc-dims=\"1\" loading=\"lazy\" decoding=\"async\" width=\"300\" height=\"300\" src=\"https:\/\/i0.wp.com\/www.lafraguabruta.com\/wp-content\/uploads\/2025\/11\/Caceres_0026.jpg?resize=300%2C300&#038;ssl=1\" alt=\"\" class=\"wp-image-2811\" style=\"width:292px;height:auto\" srcset=\"https:\/\/i0.wp.com\/www.lafraguabruta.com\/wp-content\/uploads\/2025\/11\/Caceres_0026.jpg?resize=300%2C300&amp;ssl=1 300w, https:\/\/i0.wp.com\/www.lafraguabruta.com\/wp-content\/uploads\/2025\/11\/Caceres_0026.jpg?resize=150%2C150&amp;ssl=1 150w, https:\/\/i0.wp.com\/www.lafraguabruta.com\/wp-content\/uploads\/2025\/11\/Caceres_0026.jpg?w=572&amp;ssl=1 572w\" sizes=\"auto, (max-width: 300px) 100vw, 300px\" \/><\/figure>\n<\/div>\n\n\n<p class=\"has-small-font-size\"><strong>ELENA ARROYO<\/strong> es cineasta y performer. Desarrolla su trabajo cabalgando entre el cine y la performance. Compagina su pr\u00e1ctica con la investigaci\u00f3n y la consultor\u00eda especializada. Dirige el espacio conocido como <a href=\"http:\/\/www.lafraguabruta.com\">La Fragua Bruta<\/a> donde desde hace a\u00f1os experimenta nuevas pedagog\u00edas de creaci\u00f3n. Acompa\u00f1a un notable n\u00famero de proyectos art\u00edsticos desde su fase de desarrollo hasta su muestra final. En paralelo, trabaja con su cuerpo investigando los v\u00ednculos entre creaci\u00f3n y somatizaci\u00f3n as\u00ed como las conexiones entre las artes visuales y las esc\u00e9nicas. Sus \u00faltimos trabajos han sido video-performativos sobre los cuales ha sido invitada a hablar en la Feria de Arte de Madrid (Espa\u00f1a, 2025), la Universidad de Nueva York (USA), la Universidad de East Anglia (UK) o el Festival Internacional de Videoarte de Camag\u00fcey (Cuba). Cabe destacar \u00abDel Origen\u00bb, solo esc\u00e9nico seleccionado en DT, el Festival Internacional de Butoh de Amsterdam (2023) y <a href=\"https:\/\/www.youtube.com\/watch?v=IxfqX-JO93c\">PROYECTOR\u201922<\/a>. Es post-graduada en direcci\u00f3n de cine por la EICTV de Cuba, especialista en Fotograf\u00eda y Arte Contempor\u00e1neo por la UPV y eterna danzante butoh. M\u00e1s informaci\u00f3n <a href=\"http:\/\/www.exit-exhibit.com\" data-type=\"link\" data-id=\"www.exit-exhibit.com\">aqu\u00ed<\/a>.<\/p>\n\n\n<div class=\"wp-block-image is-style-rounded\">\n<figure class=\"alignleft size-large is-resized\"><img data-recalc-dims=\"1\" loading=\"lazy\" decoding=\"async\" width=\"280\" height=\"280\" src=\"https:\/\/i0.wp.com\/www.lafraguabruta.com\/wp-content\/uploads\/2020\/06\/Lola-Mayo-Perfil-1.png?resize=280%2C280&#038;ssl=1\" alt=\"Lola-Mayo-Fotograf\u00eda de Perfil\" class=\"wp-image-34\" style=\"width:280px;height:auto\" srcset=\"https:\/\/i0.wp.com\/www.lafraguabruta.com\/wp-content\/uploads\/2020\/06\/Lola-Mayo-Perfil-1.png?w=280&amp;ssl=1 280w, https:\/\/i0.wp.com\/www.lafraguabruta.com\/wp-content\/uploads\/2020\/06\/Lola-Mayo-Perfil-1.png?resize=150%2C150&amp;ssl=1 150w\" sizes=\"auto, (max-width: 280px) 100vw, 280px\" \/><\/figure>\n<\/div>\n\n\n<p class=\"has-small-font-size\"><strong>LOLA MAYO<\/strong> es escritora, guionista, productora y documentalista. Coproductora y co-guionista de todas las pel\u00edculas del cineasta espa\u00f1ol Javier Rebollo. Entre ellas \u201cLa Mujer sin Piano\u201d (2009), Concha de Plata en el Festival de San Sebasti\u00e1n y el Premio a la Mejor Pel\u00edcula en el Festival de Cine de Los \u00c1ngeles; y \u201cLo que s\u00e9 de Lola\u201d (2006), nominada al Goya a la Mejor Direcci\u00f3n Novel, Premio FIPRESCI y Opera Prima en el Festival de Guadalajara y en el Gran Premio del Festival Internacional de Se\u00fal. Directora y guionista de documentales de gran formato para TVE. Por ellos ha obtenido, entre otros, el Premio Reina Sof\u00eda de Periodismo. Es profesora de guion de documental y de ficci\u00f3n, impartiendo clases en el Instituto de Cine de Madrid, la ECAM, la Universidad Jaume I de Castell\u00f3n, adem\u00e1s de la EICTV, que visita por cuarta vez. Recientemente form\u00f3 parte del comit\u00e9 de asesores del Sundance Script Lab, organizado por el Sundance Institute para la evaluaci\u00f3n y desarrollo de guiones profesionales. Mucho de su trabajo como guionista <a href=\"http:\/\/www.lolitafilms.es\">aqu\u00ed<\/a>.<\/p>\n\n\n\n<p><\/p>\n\n\n<div class=\"wp-block-image is-style-rounded\">\n<figure class=\"alignleft size-large is-resized\"><img data-recalc-dims=\"1\" loading=\"lazy\" decoding=\"async\" width=\"640\" height=\"640\" src=\"https:\/\/i0.wp.com\/www.lafraguabruta.com\/wp-content\/uploads\/2020\/07\/FOTO-IRENE-COLOR.png?resize=640%2C640&#038;ssl=1\" alt=\"Foto I. Guti\u00e9rrez Perfil\" class=\"wp-image-694\" style=\"width:280px;height:280px\" srcset=\"https:\/\/i0.wp.com\/www.lafraguabruta.com\/wp-content\/uploads\/2020\/07\/FOTO-IRENE-COLOR.png?w=700&amp;ssl=1 700w, https:\/\/i0.wp.com\/www.lafraguabruta.com\/wp-content\/uploads\/2020\/07\/FOTO-IRENE-COLOR.png?resize=300%2C300&amp;ssl=1 300w, https:\/\/i0.wp.com\/www.lafraguabruta.com\/wp-content\/uploads\/2020\/07\/FOTO-IRENE-COLOR.png?resize=150%2C150&amp;ssl=1 150w, https:\/\/i0.wp.com\/www.lafraguabruta.com\/wp-content\/uploads\/2020\/07\/FOTO-IRENE-COLOR.png?resize=600%2C600&amp;ssl=1 600w\" sizes=\"auto, (max-width: 640px) 100vw, 640px\" \/><\/figure>\n<\/div>\n\n\n<p class=\"has-small-font-size\"><strong>IRENE GUTI\u00c9RREZ<\/strong> Irene Guti\u00e9rrez es cineasta e investigadora graduada en Cine Documental en la Escuela Internacional de San Antonio de los Ba\u00f1os (EICTV, Cuba), M\u00e1ster en Estudios sobre Cine Espa\u00f1ol y doctoranda en la Universidad Carlos III de Madrid. Es docente en esta misma universidad, la EICTV, el Instituto de Cine de Madrid y la Escuela Lens. Ha dirigido <em>Diarios de Frontera<\/em> (25\u2019 Espa\u00f1a-Marruecos, 2012), <em>Hotel Nueva Isla<\/em> (70\u2019 Cuba-Espa\u00f1a, 2014), <em>Diarios del Exilio<\/em> (43\u2019 Espa\u00f1a, 2019) y <em>Entre Perro y Lobo<\/em> (75\u2019 Cuba-Espa\u00f1a, 2020), cuatro de las cu\u00e1les incorporan material de archivo de distinto formato y procedencia. Sus documentales han sido apoyados por el Instituto Sundance, Tribeca, Ibermedia, ICAA o la RTVC y se han exhibido en m\u00e1s de una cincuentena de festivales como&nbsp;la Berlinale, el Festival Internacional de Rotterdam o el MoMA Documentary Fortnight. Su investigaci\u00f3n y pel\u00edculas, que van del retrato \u00edntimo al ensayo documental, exploran las tensiones pol\u00edticas entre individuo y naci\u00f3n a trav\u00e9s del paisaje. M\u00e1s informaci\u00f3n <a href=\"http:\/\/elviajefilms.com\/\">aqu\u00ed<\/a>.<\/p>\n\n\n\n<p><\/p>\n\n\n<div class=\"wp-block-image is-style-rounded\">\n<figure class=\"alignleft size-large is-resized\"><img data-recalc-dims=\"1\" loading=\"lazy\" decoding=\"async\" width=\"400\" height=\"400\" src=\"https:\/\/i0.wp.com\/www.lafraguabruta.com\/wp-content\/uploads\/2020\/06\/Noemi-Garcia-Fotografia.png?resize=400%2C400&#038;ssl=1\" alt=\"Noemi-Garcia-Fotografia\" class=\"wp-image-188\" style=\"width:280px;height:280px\" srcset=\"https:\/\/i0.wp.com\/www.lafraguabruta.com\/wp-content\/uploads\/2020\/06\/Noemi-Garcia-Fotografia.png?w=400&amp;ssl=1 400w, https:\/\/i0.wp.com\/www.lafraguabruta.com\/wp-content\/uploads\/2020\/06\/Noemi-Garcia-Fotografia.png?resize=300%2C300&amp;ssl=1 300w, https:\/\/i0.wp.com\/www.lafraguabruta.com\/wp-content\/uploads\/2020\/06\/Noemi-Garcia-Fotografia.png?resize=150%2C150&amp;ssl=1 150w\" sizes=\"auto, (max-width: 400px) 100vw, 400px\" \/><\/figure>\n<\/div>\n\n\n<p class=\"has-small-font-size\"><strong>NOEM\u00cd GARC\u00cdA<\/strong> es creadora audiovisual, docente e investigadora. Profesora de pr\u00e1ctica y teor\u00eda del Audiovisual en la Universidad de Bellas Artes (UCM) y programadora especializada en cine documental. Ha trabajado para festivales como Documenta Madrid y para instituciones como Cineteca de Matadero. Posee una larga trayectoria como docente y como asesora de proyectos documentales. Est\u00e1 especializada en pr\u00e1cticas art\u00edsticas colaborativas y en cinematograf\u00edas reflexivas en primera persona.<\/p>\n\n\n\n<p><\/p>\n\n\n\n<p><\/p>\n\n\n\n<p><\/p>\n\n\n\n<p><\/p>\n\n\n<div class=\"wp-block-image is-style-rounded\">\n<figure class=\"alignleft size-large is-resized\"><img data-recalc-dims=\"1\" loading=\"lazy\" decoding=\"async\" width=\"365\" height=\"365\" src=\"https:\/\/i0.wp.com\/www.lafraguabruta.com\/wp-content\/uploads\/2020\/07\/Javier-Rebollo-Fotografi%CC%81a-de-Perfil.png?resize=365%2C365&#038;ssl=1\" alt=\"Javier-Rebollo fotograf\u00eda de perfil\" class=\"wp-image-341\" style=\"width:280px;height:280px\" srcset=\"https:\/\/i0.wp.com\/www.lafraguabruta.com\/wp-content\/uploads\/2020\/07\/Javier-Rebollo-Fotografi%CC%81a-de-Perfil.png?w=365&amp;ssl=1 365w, https:\/\/i0.wp.com\/www.lafraguabruta.com\/wp-content\/uploads\/2020\/07\/Javier-Rebollo-Fotografi%CC%81a-de-Perfil.png?resize=300%2C300&amp;ssl=1 300w, https:\/\/i0.wp.com\/www.lafraguabruta.com\/wp-content\/uploads\/2020\/07\/Javier-Rebollo-Fotografi%CC%81a-de-Perfil.png?resize=150%2C150&amp;ssl=1 150w\" sizes=\"auto, (max-width: 365px) 100vw, 365px\" \/><\/figure>\n<\/div>\n\n\n<p class=\"has-small-font-size\"><strong>JAVIER REBOLLO<\/strong> es cineasta y activista cultural. Director de los largometrajes <em>La mujer sin piano<\/em> (<em>Woman Without Piano<\/em>) (2009) y <em>Ce que je sais de Lola<\/em> y el <em>El muerto y ser feliz<\/em>. Entre otros reconocimientos ha ganado la Concha de Plata al Mejor Director en el Festival Internacional de Cine de San Sebasti\u00e1n, en 2009.<\/p>\n\n\n\n<p><\/p>\n\n\n\n<p><\/p>\n\n\n\n<p><\/p>\n\n\n\n<p><\/p>\n\n\n<div class=\"wp-block-image is-style-rounded\">\n<figure class=\"alignleft size-full is-resized\"><img data-recalc-dims=\"1\" loading=\"lazy\" decoding=\"async\" width=\"500\" height=\"500\" src=\"https:\/\/i0.wp.com\/www.lafraguabruta.com\/wp-content\/uploads\/2022\/08\/IMG_4559ee.jpg?resize=500%2C500&#038;ssl=1\" alt=\"\" class=\"wp-image-1644\" style=\"width:280px;height:280px\" srcset=\"https:\/\/i0.wp.com\/www.lafraguabruta.com\/wp-content\/uploads\/2022\/08\/IMG_4559ee.jpg?w=500&amp;ssl=1 500w, https:\/\/i0.wp.com\/www.lafraguabruta.com\/wp-content\/uploads\/2022\/08\/IMG_4559ee.jpg?resize=300%2C300&amp;ssl=1 300w, https:\/\/i0.wp.com\/www.lafraguabruta.com\/wp-content\/uploads\/2022\/08\/IMG_4559ee.jpg?resize=150%2C150&amp;ssl=1 150w\" sizes=\"auto, (max-width: 500px) 100vw, 500px\" \/><\/figure>\n<\/div>\n\n\n<p class=\"has-small-font-size\"><strong>VALENTINA CORBELLA<\/strong> es actriz. Forma parte de la compa\u00f1\u00eda KYU dirigida por Ernesto Correa, director y entrenador de actores. Junto a KYU, Valentina internaliza en su cuerpo el entrenamiento y en su mente\/esp\u00edritu su filosof\u00eda desde el 2018 practicando regularmente. Tambi\u00e9n ha entrenado con Lab Teatro en Madrid junto con Andr\u00e9s Acevedo, SCOT Company en Jap\u00f3n, SITI Company y con Jonathan Martineau se ha iniciado en Butoh. Entrenar junto con admirables artistas ha supuesto un trampol\u00edn para investigar su propio m\u00e9todo. Pr\u00e1cticas que la han llevado a \u201ccaminar como un gato por las delgadas paredes con abismos hacia ambos lados. V\u00e9rtigo y expansi\u00f3n. Ablandar la piel en la fuerza. Respirar en el asombro\u201d. Junto a Lucia Reyes, actriz colombiana sigue entrenando regularmente. Sabiendo que es un constante proceso, Valentina entrena actores creciendo con ellos en la pregunta.<\/p>\n\n\n\n<p><\/p>\n\n\n<div class=\"wp-block-image is-style-rounded\">\n<figure class=\"alignleft size-full is-resized\"><img data-recalc-dims=\"1\" loading=\"lazy\" decoding=\"async\" width=\"640\" height=\"641\" src=\"https:\/\/i0.wp.com\/www.lafraguabruta.com\/wp-content\/uploads\/2024\/10\/IMG_3470.jpg?resize=640%2C641&#038;ssl=1\" alt=\"\" class=\"wp-image-2462\" style=\"width:280px;height:280px\" srcset=\"https:\/\/i0.wp.com\/www.lafraguabruta.com\/wp-content\/uploads\/2024\/10\/IMG_3470.jpg?w=640&amp;ssl=1 640w, https:\/\/i0.wp.com\/www.lafraguabruta.com\/wp-content\/uploads\/2024\/10\/IMG_3470.jpg?resize=300%2C300&amp;ssl=1 300w, https:\/\/i0.wp.com\/www.lafraguabruta.com\/wp-content\/uploads\/2024\/10\/IMG_3470.jpg?resize=150%2C150&amp;ssl=1 150w, https:\/\/i0.wp.com\/www.lafraguabruta.com\/wp-content\/uploads\/2024\/10\/IMG_3470.jpg?resize=600%2C601&amp;ssl=1 600w\" sizes=\"auto, (max-width: 640px) 100vw, 640px\" \/><\/figure>\n<\/div>\n\n\n<p class=\"has-small-font-size\"><strong>PATRICIA DELSO<\/strong> es artista y cineasta afincada en B\u00e9lgica. Desde hace a\u00f1os investiga el cine autoreferencia, el cine-poes\u00eda, el cine experimental y el cine expandido encontrando caminos que unen unos y otros g\u00e9neros para encontrar un lenguaje propio. Su medio actual es el cine anal\u00f3gico. Su trabajo cuenta con premios y asistencia a numerosos festivales: Documenta Madrid, Engauge Experimental Film Festival, Zebra Poetry Film Festival o New Hope Film Festival. Tambi\u00e9n ha formado parte de muestras colectivas como el MOMA y Anthology Film Archives de NY o la Galer\u00eda Baxton de Bruselas. De un tiempo a esta parte Patricia es residente como artista en laboratorios de cine anal\u00f3gico, como Mono No Aware en Nueva York, Echo Park Film Center en Los \u00c1ngeles, Casa do Xisto en Portugal y LAV en Madrid. Patricia es Licenciada en Comunicaci\u00f3n Audiovisual (UC3M, Madrid), Ingeniera en Imagen y Sonido (UPM, Madrid) y MFA en Direcci\u00f3n de Cine por el Edinburgh College of Art, Reino Unido.<\/p>\n\n\n\n<p class=\"has-small-font-size\" style=\"font-style:normal;font-weight:300\"><\/p>\n\n\n<div class=\"wp-block-image is-style-rounded\">\n<figure class=\"alignleft size-full is-resized\"><img data-recalc-dims=\"1\" loading=\"lazy\" decoding=\"async\" width=\"640\" height=\"640\" src=\"https:\/\/i0.wp.com\/www.lafraguabruta.com\/wp-content\/uploads\/2026\/01\/BrendaBoyer.jpg?resize=640%2C640&#038;ssl=1\" alt=\"\" class=\"wp-image-2880\" style=\"width:280px;height:280px\" srcset=\"https:\/\/i0.wp.com\/www.lafraguabruta.com\/wp-content\/uploads\/2026\/01\/BrendaBoyer.jpg?w=715&amp;ssl=1 715w, https:\/\/i0.wp.com\/www.lafraguabruta.com\/wp-content\/uploads\/2026\/01\/BrendaBoyer.jpg?resize=300%2C300&amp;ssl=1 300w, https:\/\/i0.wp.com\/www.lafraguabruta.com\/wp-content\/uploads\/2026\/01\/BrendaBoyer.jpg?resize=150%2C150&amp;ssl=1 150w, https:\/\/i0.wp.com\/www.lafraguabruta.com\/wp-content\/uploads\/2026\/01\/BrendaBoyer.jpg?resize=600%2C600&amp;ssl=1 600w\" sizes=\"auto, (max-width: 640px) 100vw, 640px\" \/><\/figure>\n<\/div>\n\n\n<p class=\"has-small-font-size\" style=\"font-style:normal;font-weight:300\"><strong>BRENDA BOYER<\/strong> (Alicante, 1984),&nbsp;licenciada&nbsp;en&nbsp;Comunicaci\u00f3n Audiovisual,&nbsp;&nbsp;m\u00e1ster en&nbsp;&nbsp;Direcci\u00f3n y Producci\u00f3n de Cine Documental&nbsp;y en&nbsp;Experimentaci\u00f3n Audiovisual y Creaci\u00f3n Contempor\u00e1nea LAV,&nbsp;es cineasta y artista interdisciplinar. Centra su inter\u00e9s en el cuerpo, el movimiento y la imagen como formas de experimentaci\u00f3n y exploraci\u00f3n de la dimensi\u00f3n h\u00e1ptica y fenomenol\u00f3gica, as\u00ed como del cuerpo como espacio de resonancia. Ha proyectado en&nbsp;Documenta Madrid,&nbsp;Cinespa\u00f1a,&nbsp;Intermediaciones,&nbsp;Muestra Itinerante Colecci\u00f3n Privada&nbsp;y la&nbsp;Muestra Internacional de Cine Perif\u00e9rico (S8), entre otros. Actualmente trabaja en la activaci\u00f3n performativa de <em>tortuga,&nbsp;<\/em>una pieza de cine anal\u00f3gico desarrollada en la&nbsp;Residencia Internacional BAICC&nbsp;(LIFT&nbsp;y AC\/E).<\/p>\n\n\n\n<p class=\"has-small-font-size\" style=\"font-style:normal;font-weight:300\"><\/p>\n\n\n\n<p><\/p>\n\n\n<div class=\"wp-block-image is-style-rounded\">\n<figure class=\"alignleft size-full is-resized\"><img data-recalc-dims=\"1\" loading=\"lazy\" decoding=\"async\" width=\"640\" height=\"427\" src=\"https:\/\/i0.wp.com\/www.lafraguabruta.com\/wp-content\/uploads\/2024\/10\/Foto-perfil.jpg?resize=640%2C427&#038;ssl=1\" alt=\"\" class=\"wp-image-2463\" style=\"width:280px;height:280px\" srcset=\"https:\/\/i0.wp.com\/www.lafraguabruta.com\/wp-content\/uploads\/2024\/10\/Foto-perfil.jpg?w=2048&amp;ssl=1 2048w, https:\/\/i0.wp.com\/www.lafraguabruta.com\/wp-content\/uploads\/2024\/10\/Foto-perfil.jpg?resize=300%2C200&amp;ssl=1 300w, https:\/\/i0.wp.com\/www.lafraguabruta.com\/wp-content\/uploads\/2024\/10\/Foto-perfil.jpg?resize=1024%2C683&amp;ssl=1 1024w, https:\/\/i0.wp.com\/www.lafraguabruta.com\/wp-content\/uploads\/2024\/10\/Foto-perfil.jpg?resize=768%2C512&amp;ssl=1 768w, https:\/\/i0.wp.com\/www.lafraguabruta.com\/wp-content\/uploads\/2024\/10\/Foto-perfil.jpg?resize=1536%2C1024&amp;ssl=1 1536w, https:\/\/i0.wp.com\/www.lafraguabruta.com\/wp-content\/uploads\/2024\/10\/Foto-perfil.jpg?resize=600%2C400&amp;ssl=1 600w, https:\/\/i0.wp.com\/www.lafraguabruta.com\/wp-content\/uploads\/2024\/10\/Foto-perfil.jpg?w=1280&amp;ssl=1 1280w, https:\/\/i0.wp.com\/www.lafraguabruta.com\/wp-content\/uploads\/2024\/10\/Foto-perfil.jpg?w=1920&amp;ssl=1 1920w\" sizes=\"auto, (max-width: 640px) 100vw, 640px\" \/><\/figure>\n<\/div>\n\n\n<p class=\"has-small-font-size\"><strong>DAMI\u00c1N<\/strong> <strong>S. RODR\u00cdGUEZ<\/strong>. \u00abNac\u00ed por forc\u00e9ps un 12 de diciembre de 1984, una t\u00e9cnica de ganchos similar a dos grandes cucharas de ensalada que el m\u00e9dico utiliza para guiar la cabeza del beb\u00e9 hacia fuera. Actividad prohibida hoy en d\u00eda por la peligrosidad hacia la madre y el ni\u00f1o. No quer\u00eda salir y aparec\u00ed con la clav\u00edcula quebrada, quiz\u00e1s ese hecho marque mi personalidad de resistencia y mi dificultad para salir de lugares calentitos. Soy de Sagitario y un poco disl\u00e9xico, ac\u00e1 no se nota porque el corrector te ayuda. Tambi\u00e9n soy zurdo, pateo, agarro, pinto, filmo, todo con esa parte del cuerpo. Nacido en Uruguay que para \u00abtodos\u00bb es como ser argentino hasta que se demuestre lo contrario. Estoy radicado en Barcelona, pero viv\u00ed en Lima y Buenos Aires. Me gusta mudarme y empezar.Saco fotos,&nbsp;filmo gente haciendo cosas, actu\u00f3 de \u201cyo\u201d mismo y pinto caras raras en superficies recolectadas. Me interesa experimentar pl\u00e1sticamente con cada disciplina y profundizar en sus posibilidades. Con&nbsp;<strong>Lerulerufilms<\/strong>&nbsp;uso una c\u00e1mara y con&nbsp;<strong>Rumi\u00e1n<\/strong>&nbsp;un pincel. Soy este c\u00famulo de intenciones <a href=\"http:\/\/www.damiansrodriguez.com\" data-type=\"link\" data-id=\"www.damiansrodriguez.com\">dividido por secciones<\/a>.\u00bb<\/p>\n\n\n\n<p class=\"has-small-font-size\"><\/p>\n\n\n<div class=\"wp-block-image is-style-rounded\">\n<figure class=\"alignleft size-full is-resized\"><img data-recalc-dims=\"1\" loading=\"lazy\" decoding=\"async\" width=\"640\" height=\"640\" src=\"https:\/\/i0.wp.com\/www.lafraguabruta.com\/wp-content\/uploads\/2024\/10\/Eva-Tirado_.jpeg?resize=640%2C640&#038;ssl=1\" alt=\"\" class=\"wp-image-2465\" style=\"width:280px;height:280px\" srcset=\"https:\/\/i0.wp.com\/www.lafraguabruta.com\/wp-content\/uploads\/2024\/10\/Eva-Tirado_.jpeg?w=2048&amp;ssl=1 2048w, https:\/\/i0.wp.com\/www.lafraguabruta.com\/wp-content\/uploads\/2024\/10\/Eva-Tirado_.jpeg?resize=300%2C300&amp;ssl=1 300w, https:\/\/i0.wp.com\/www.lafraguabruta.com\/wp-content\/uploads\/2024\/10\/Eva-Tirado_.jpeg?resize=1024%2C1024&amp;ssl=1 1024w, https:\/\/i0.wp.com\/www.lafraguabruta.com\/wp-content\/uploads\/2024\/10\/Eva-Tirado_.jpeg?resize=150%2C150&amp;ssl=1 150w, https:\/\/i0.wp.com\/www.lafraguabruta.com\/wp-content\/uploads\/2024\/10\/Eva-Tirado_.jpeg?resize=768%2C768&amp;ssl=1 768w, https:\/\/i0.wp.com\/www.lafraguabruta.com\/wp-content\/uploads\/2024\/10\/Eva-Tirado_.jpeg?resize=1536%2C1536&amp;ssl=1 1536w, https:\/\/i0.wp.com\/www.lafraguabruta.com\/wp-content\/uploads\/2024\/10\/Eva-Tirado_.jpeg?resize=600%2C600&amp;ssl=1 600w, https:\/\/i0.wp.com\/www.lafraguabruta.com\/wp-content\/uploads\/2024\/10\/Eva-Tirado_.jpeg?w=1280&amp;ssl=1 1280w, https:\/\/i0.wp.com\/www.lafraguabruta.com\/wp-content\/uploads\/2024\/10\/Eva-Tirado_.jpeg?w=1920&amp;ssl=1 1920w\" sizes=\"auto, (max-width: 640px) 100vw, 640px\" \/><\/figure>\n<\/div>\n\n\n<p class=\"has-small-font-size\"><strong>EVA TIRADO<\/strong> es actriz, int\u00e9rprete y creadora. Investigadora del movimiento y artista visual. Desde 2002 trabaja como actriz de teatro y audiovisual. En las artes esc\u00e9nicas se dedica al teatro f\u00edsico, experimental y la performance. Se forma en diferentes estilos de danza, especializando es danza cl\u00e1sica de la India Kathak y su puesta en escena tradicional, realizando sus estudios en India con el sistema Prayat Sangeet Samity. Desde 2017 enfoca su trabajo en la investigaci\u00f3n y experimentaci\u00f3n entre el movimiento, la auto imagen y el audiovisual. Creando su l\u00ednea de trabajo entorno al teatro post-dram\u00e1tico, la auto-ficci\u00f3n, video-creaci\u00f3n y el videoarte. Con este lenguaje ha creado diferentes piezas para proyectos propios, de otros artistas y para ayuntamientos y organismos p\u00fablicos. Compagina su trabajo de actriz y creadora con la coordinaci\u00f3n de la AEC, Asociaci\u00f3n Espa\u00f1ola de Directoras y Directores de Fotograf\u00eda.<\/p>\n\n\n\n<p class=\"has-small-font-size\"><\/p>\n\n\n<div class=\"wp-block-image is-style-rounded\">\n<figure class=\"alignleft size-full is-resized\"><img data-recalc-dims=\"1\" loading=\"lazy\" decoding=\"async\" width=\"640\" height=\"641\" src=\"https:\/\/i0.wp.com\/www.lafraguabruta.com\/wp-content\/uploads\/2021\/05\/samuel-delgado.jpg?resize=640%2C641&#038;ssl=1\" alt=\"\" class=\"wp-image-1139\" style=\"width:280px;height:280px\" srcset=\"https:\/\/i0.wp.com\/www.lafraguabruta.com\/wp-content\/uploads\/2021\/05\/samuel-delgado.jpg?w=1598&amp;ssl=1 1598w, https:\/\/i0.wp.com\/www.lafraguabruta.com\/wp-content\/uploads\/2021\/05\/samuel-delgado.jpg?resize=300%2C300&amp;ssl=1 300w, https:\/\/i0.wp.com\/www.lafraguabruta.com\/wp-content\/uploads\/2021\/05\/samuel-delgado.jpg?resize=1024%2C1024&amp;ssl=1 1024w, https:\/\/i0.wp.com\/www.lafraguabruta.com\/wp-content\/uploads\/2021\/05\/samuel-delgado.jpg?resize=150%2C150&amp;ssl=1 150w, https:\/\/i0.wp.com\/www.lafraguabruta.com\/wp-content\/uploads\/2021\/05\/samuel-delgado.jpg?resize=768%2C769&amp;ssl=1 768w, https:\/\/i0.wp.com\/www.lafraguabruta.com\/wp-content\/uploads\/2021\/05\/samuel-delgado.jpg?resize=1534%2C1536&amp;ssl=1 1534w, https:\/\/i0.wp.com\/www.lafraguabruta.com\/wp-content\/uploads\/2021\/05\/samuel-delgado.jpg?resize=600%2C601&amp;ssl=1 600w, https:\/\/i0.wp.com\/www.lafraguabruta.com\/wp-content\/uploads\/2021\/05\/samuel-delgado.jpg?w=1280&amp;ssl=1 1280w\" sizes=\"auto, (max-width: 640px) 100vw, 640px\" \/><\/figure>\n<\/div>\n\n\n<p class=\"has-small-font-size\"><strong>SAMUEL DELGADO<\/strong> ha realizado, junto a Helena Gir\u00f3n, las pel\u00edculas Irmandade,&nbsp;Plus Ultra,&nbsp;Monta\u00f1as ardientes que vomitan fuego, Sin Dios ni Santa Mar\u00eda y las instalaciones y performance Tambi\u00e9n aqu\u00ed los dioses est\u00e1n presentes, No hay tierrra m\u00e1s all\u00e1 y Ejercicios de escucha. El que ser\u00e1 su primer largometraje, Eles transportan a morte,&nbsp;ha sido seleccionado para el programa Ikusmira Berriak del Festival de San Sebasti\u00e1n y Tabakalera entre los proyectos del estado espa\u00f1ol.Colabora como docente en la EICTV de San Antonio de los Ba\u00f1os (Cuba), ECAM, EQZE, Instituto del Cine de Madrid e IFIC. M\u00e1s Samuel aqu\u00ed.<\/p>\n\n\n\n<p><\/p>\n\n\n\n<p><\/p>\n\n\n<div class=\"wp-block-image is-style-rounded\">\n<figure class=\"alignleft size-full is-resized\"><img data-recalc-dims=\"1\" loading=\"lazy\" decoding=\"async\" width=\"326\" height=\"326\" src=\"https:\/\/i0.wp.com\/www.lafraguabruta.com\/wp-content\/uploads\/2021\/05\/helena-giro%CC%81n.jpg?resize=326%2C326&#038;ssl=1\" alt=\"\" class=\"wp-image-1140\" style=\"width:280px;height:280px\" srcset=\"https:\/\/i0.wp.com\/www.lafraguabruta.com\/wp-content\/uploads\/2021\/05\/helena-giro%CC%81n.jpg?w=326&amp;ssl=1 326w, https:\/\/i0.wp.com\/www.lafraguabruta.com\/wp-content\/uploads\/2021\/05\/helena-giro%CC%81n.jpg?resize=300%2C300&amp;ssl=1 300w, https:\/\/i0.wp.com\/www.lafraguabruta.com\/wp-content\/uploads\/2021\/05\/helena-giro%CC%81n.jpg?resize=150%2C150&amp;ssl=1 150w\" sizes=\"auto, (max-width: 326px) 100vw, 326px\" \/><\/figure>\n<\/div>\n\n\n<p class=\"has-small-font-size\"><strong>HELENA GIR\u00d3N<\/strong> ha realizado, junto a Samuel M. Delgado, las pel\u00edculas Irmandade,&nbsp;Plus Ultra,&nbsp;Monta\u00f1as ardientes que vomitan fuego, Sin Dios ni Santa Mar\u00eda y las instalaciones y performance Tambi\u00e9n aqu\u00ed los dioses est\u00e1n presentes, No hay tierrra m\u00e1s all\u00e1 y Ejercicios de escucha.&nbsp;El que ser\u00e1 su primer largometraje, Eles transportan a morte,&nbsp;ha sido seleccionado para el programa Ikusmira Berriak del Festival de San Sebasti\u00e1n y Tabakalera entre los proyectos del estado espa\u00f1ol.Tras licenciarse en Comunicaci\u00f3n Audiovisual, realiza el M\u00e1ster de Guion de Cine y TV de la Universidad Carlos III de Madrid y el M\u00e1ster de Montaje Cinematogr\u00e1fico de la ESCAC.Colabora como docente en la ECAM, EQZE e IFIC. M\u00e1s Helena aqu\u00ed.<\/p>\n\n\n\n<p><\/p>\n\n\n<div class=\"wp-block-image is-style-rounded\">\n<figure class=\"alignleft size-full is-resized\"><img data-recalc-dims=\"1\" loading=\"lazy\" decoding=\"async\" width=\"280\" height=\"280\" src=\"https:\/\/i0.wp.com\/www.lafraguabruta.com\/wp-content\/uploads\/2021\/05\/manolo.jpg?resize=280%2C280&#038;ssl=1\" alt=\"\" class=\"wp-image-1142\" style=\"width:280px;height:280px\" srcset=\"https:\/\/i0.wp.com\/www.lafraguabruta.com\/wp-content\/uploads\/2021\/05\/manolo.jpg?w=280&amp;ssl=1 280w, https:\/\/i0.wp.com\/www.lafraguabruta.com\/wp-content\/uploads\/2021\/05\/manolo.jpg?resize=150%2C150&amp;ssl=1 150w\" sizes=\"auto, (max-width: 280px) 100vw, 280px\" \/><\/figure>\n<\/div>\n\n\n<p class=\"has-small-font-size\"><strong>MANUEL MU\u00d1OZ<\/strong> Tras licenciarse en Ciencias de la Informaci\u00f3n por la Universidad de Sevilla se instala en Londres, donde realiza sus primeros v\u00eddeos y cortometrajes con esp\u00edritu amateur. Se traslada a Cuba para ingresar en la EICTV, la Escuela Internacional de Cine y TV de San Antonio de los Ba\u00f1os, de donde egresa en 2004 tras cursar la especialidad de montaje. Desde entonces ha co-escrito y editado pel\u00edculas como \u00abBlanco en blanco\u00bb (2019), \u00abThis film is about me\u00bb (2019), \u00abDerechos del hombre\u00bb (2018), \u00abDead Slow Ahead\u00bb (2015), \u00abSlimane\u00bb (2013), \u00abArraianos\u00bb (2012), \u00abOcaso\u00bb (2010), y ha realizado algunos cortometrajes, como \u00abP\u00e1jaro\u00bb (2014), \u00abCon el viento\u00bb (2009) o \u00abSendero\u00bb (2008). \u00abEl mar nos mira de lejos\u00bb, estrenada en la Berlinale en 2017, es su primer largometraje. Alterna su actividad como cineasta con la docencia, impartiendo talleres desde 2010 en lugares como la EICTV (Cuba) o Altos de Chav\u00f3n (Rep\u00fablica Dominicana). M\u00e1s Manolo aqu\u00ed.<\/p>\n\n\n<div class=\"wp-block-image is-style-rounded\">\n<figure class=\"alignleft size-full is-resized\"><img data-recalc-dims=\"1\" loading=\"lazy\" decoding=\"async\" width=\"420\" height=\"420\" src=\"https:\/\/i0.wp.com\/www.lafraguabruta.com\/wp-content\/uploads\/2021\/12\/guillermo.jpg?resize=420%2C420&#038;ssl=1\" alt=\"\" class=\"wp-image-1331\" style=\"width:280px;height:280px\" srcset=\"https:\/\/i0.wp.com\/www.lafraguabruta.com\/wp-content\/uploads\/2021\/12\/guillermo.jpg?w=420&amp;ssl=1 420w, https:\/\/i0.wp.com\/www.lafraguabruta.com\/wp-content\/uploads\/2021\/12\/guillermo.jpg?resize=300%2C300&amp;ssl=1 300w, https:\/\/i0.wp.com\/www.lafraguabruta.com\/wp-content\/uploads\/2021\/12\/guillermo.jpg?resize=150%2C150&amp;ssl=1 150w\" sizes=\"auto, (max-width: 420px) 100vw, 420px\" \/><\/figure>\n<\/div>\n\n\n<p class=\"has-small-font-size\"><strong>GUILLERMO PEYDR\u00d3<\/strong> es cineasta y doctor en Historia del Arte. Sus pel\u00edculas han sido proyectadas en museos como el Louvre o el Reina Sof\u00eda y en festivales de todo el mundo, y desde 2016 realiza tambi\u00e9n proyectos expositivos de cine expandido junto con la escultora francesa Jeanne de Petriconi. Ha trabajado adem\u00e1s como programador de los festivales Punto de Vista y Documenta Madrid, e impartido cursos en universidades y escuelas de cine de Espa\u00f1a, M\u00e9xico, Cuba y Ecuador. Su libro \u00abEl cine sobre arte. De la dramatizaci\u00f3n de la pintura al cine-ensayo\u00bb (Shangrila, 2019) es el resultado de una d\u00e9cada de investigaciones en archivos internacionales sobre las posibilidades de la filmaci\u00f3n de las artes. M\u00e1s Guillermo aqu\u00ed.<\/p>\n\n\n\n<p class=\"has-small-font-size\"><\/p>\n","protected":false},"excerpt":{"rendered":"<p>ELENA ARROYO es cineasta y performer. Desarrolla su trabajo cabalgando entre el cine y la performance. Compagina su pr\u00e1ctica con la investigaci\u00f3n y la consultor\u00eda especializada. Dirige el espacio conocido como La Fragua Bruta donde desde hace a\u00f1os experimenta nuevas pedagog\u00edas de creaci\u00f3n. Acompa\u00f1a un notable n\u00famero de proyectos art\u00edsticos desde su fase de desarrollo [&hellip;]<\/p>\n","protected":false},"author":1,"featured_media":0,"parent":0,"menu_order":0,"comment_status":"closed","ping_status":"closed","template":"","meta":{"footnotes":""},"class_list":["post-2","page","type-page","status-publish","hentry"],"_links":{"self":[{"href":"https:\/\/www.lafraguabruta.com\/index.php\/wp-json\/wp\/v2\/pages\/2","targetHints":{"allow":["GET"]}}],"collection":[{"href":"https:\/\/www.lafraguabruta.com\/index.php\/wp-json\/wp\/v2\/pages"}],"about":[{"href":"https:\/\/www.lafraguabruta.com\/index.php\/wp-json\/wp\/v2\/types\/page"}],"author":[{"embeddable":true,"href":"https:\/\/www.lafraguabruta.com\/index.php\/wp-json\/wp\/v2\/users\/1"}],"replies":[{"embeddable":true,"href":"https:\/\/www.lafraguabruta.com\/index.php\/wp-json\/wp\/v2\/comments?post=2"}],"version-history":[{"count":72,"href":"https:\/\/www.lafraguabruta.com\/index.php\/wp-json\/wp\/v2\/pages\/2\/revisions"}],"predecessor-version":[{"id":2918,"href":"https:\/\/www.lafraguabruta.com\/index.php\/wp-json\/wp\/v2\/pages\/2\/revisions\/2918"}],"wp:attachment":[{"href":"https:\/\/www.lafraguabruta.com\/index.php\/wp-json\/wp\/v2\/media?parent=2"}],"curies":[{"name":"wp","href":"https:\/\/api.w.org\/{rel}","templated":true}]}}